{"id":2196,"date":"2017-09-19T22:04:05","date_gmt":"2017-09-19T22:04:05","guid":{"rendered":"https:\/\/www.innopreven.com\/?page_id=2196\/"},"modified":"2017-09-26T14:31:26","modified_gmt":"2017-09-26T14:31:26","slug":"otros-servicios","status":"publish","type":"page","link":"https:\/\/www.innopreven.com\/es\/otros-servicios\/","title":{"rendered":"Otros servicios"},"content":{"rendered":"<div class=\"wpb-content-wrapper\"><p>[vc_row full_width=\u00bbstretch_row\u00bb css=\u00bb.vc_custom_1506094428369{padding-top: 20px !important;padding-bottom: 50px !important;background-color: #f6f6f6 !important;}\u00bb][vc_column width=\u00bb1\/6&#8243;][\/vc_column][vc_column width=\u00bb2\/3&#8243;][vc_custom_heading text=\u00bbAdem\u00e1s de las dos grandes vertientes de Innopreven, Formaci\u00f3n y Seguridad Alimentaria, ofrecemos m\u00e1s servicios:\u00bb font_container=\u00bbtag:h2|font_size:16|text_align:left|color:%23333333|line_height:1.1&#8243; google_fonts=\u00bbfont_family:Montserrat%3Aregular%2C700|font_style:400%20regular%3A400%3Anormal\u00bb][vc_column_text css=\u00bb.vc_custom_1506436281139{padding-top: 20px !important;}\u00bb]<\/p>\n<ul>\n<li><strong>Asesoramiento<\/strong> en materia de Prevenci\u00f3n de Riesgos Laborales<\/li>\n<li>Sistema integral de <strong>Prevenci\u00f3n<\/strong>: \u00bfNecesitas se\u00f1ales, Equipos de protecci\u00f3n individual, empresas especializadas? Nosotros te ayudamos!!<\/li>\n<li><strong>Coordinaci\u00f3n<\/strong> empresarial: ayudamos a tu empresa a gestionar la coordinaci\u00f3n tanto a nivel documental como en el lugar donde se desarrolla el trabajo.<\/li>\n<li>Realizaci\u00f3n \/ revisi\u00f3n de planes \/ <strong>protocolos de trabajo<\/strong><\/li>\n<li>Realizaci\u00f3n de <strong>Planes de Seguridad<\/strong><\/li>\n<\/ul>\n<p>[\/vc_column_text][\/vc_column][vc_column width=\u00bb1\/6&#8243;][\/vc_column][\/vc_row][vc_row][vc_column width=\u00bb1\/3&#8243;][vc_single_image image=\u00bb2271&#8243; img_size=\u00bb333&#215;250&#8243; style=\u00bbvc_box_outline\u00bb onclick=\u00bblink_image\u00bb][\/vc_column][vc_column width=\u00bb1\/3&#8243;][vc_single_image image=\u00bb2269&#8243; img_size=\u00bb333&#215;250&#8243; style=\u00bbvc_box_outline\u00bb onclick=\u00bblink_image\u00bb][\/vc_column][vc_column width=\u00bb1\/3&#8243;][vc_single_image image=\u00bb2273&#8243; img_size=\u00bb333&#215;250&#8243; style=\u00bbvc_box_outline\u00bb onclick=\u00bblink_image\u00bb][\/vc_column][\/vc_row][vc_row full_width=\u00bbstretch_row\u00bb][vc_column][vc_column_text el_class=\u00bbllista_2_altres_serveis\u00bb]Un ejemplo de ello es la realizaci\u00f3n de la coordinaci\u00f3n para el montaje\/desmontaje de diferentes grupos de m\u00fasica en los conciertos realizados.<\/p>\n<p><strong>Alguno de nuestro trabajo en el CAE conllevan a:<\/strong><\/p>\n<ul>\n<li>Solicitud de la informaci\u00f3n en materia preventiva y\u00a0 Seguridad Social de las empresas y aut\u00f3nomos que acceden a las instalaciones a realizar trabajos, en relaci\u00f3n al art\u00edculo 24 de la Ley 31\/95.<\/li>\n<li>Control de la documentaci\u00f3n y personal que accede al recinto.<\/li>\n<li>Entrega de las normas b\u00e1sicas a tener en cuenta en los trabajos de montaje y desmontaje del escenario para cada concierto.<\/li>\n<li>Formaci\u00f3n \/ informaci\u00f3n\u00a0<b>in situ\u00a0<\/b>de las normas a todos los trabajadores existentes en el evento.<\/li>\n<li>Control\u00a0<b>in situ<\/b>\u00a0de la realizaci\u00f3n de los trabajos durante el\u00a0<b>montaje y desmontaje<\/b>\u00a0del escenario, por parte de un T\u00e9cnico Superior de Prevenci\u00f3n de Riesgos Laborales. En cumplimiento a lo establecido en el art\u00edculo 22 bis del Real Decreto 604\/2006.<\/li>\n<\/ul>\n<p>[\/vc_column_text][\/vc_column][\/vc_row]<\/p>\n<\/div>","protected":false},"excerpt":{"rendered":"<p>[vc_row full_width=\u00bbstretch_row\u00bb css=\u00bb.vc_custom_1506094428369{padding-top: 20px !important;padding-bottom: 50px !important;background-color: #f6f6f6 !important;}\u00bb][vc_column width=\u00bb1\/6&#8243;][\/vc_column][vc_column width=\u00bb2\/3&#8243;][vc_custom_heading text=\u00bbAdem\u00e1s de las dos grandes vertientes de Innopreven, Formaci\u00f3n y Seguridad Alimentaria, ofrecemos m\u00e1s servicios:\u00bb font_container=\u00bbtag:h2|font_size:16|text_align:left|color:%23333333|line_height:1.1&#8243; google_fonts=\u00bbfont_family:Montserrat%3Aregular%2C700|font_style:400%20regular%3A400%3Anormal\u00bb][vc_column_text css=\u00bb.vc_custom_1506436281139{padding-top: 20px !important;}\u00bb] Asesoramiento en materia de Prevenci\u00f3n de Riesgos Laborales Sistema integral de Prevenci\u00f3n: \u00bfNecesitas se\u00f1ales, Equipos de protecci\u00f3n individual, empresas especializadas? Nosotros te ayudamos!! Coordinaci\u00f3n [&hellip;]<\/p>\n","protected":false},"author":1,"featured_media":0,"parent":0,"menu_order":0,"comment_status":"closed","ping_status":"closed","template":"","meta":{"_acf_changed":false,"footnotes":""},"class_list":["post-2196","page","type-page","status-publish","hentry"],"acf":[],"_links":{"self":[{"href":"https:\/\/www.innopreven.com\/es\/wp-json\/wp\/v2\/pages\/2196","targetHints":{"allow":["GET"]}}],"collection":[{"href":"https:\/\/www.innopreven.com\/es\/wp-json\/wp\/v2\/pages"}],"about":[{"href":"https:\/\/www.innopreven.com\/es\/wp-json\/wp\/v2\/types\/page"}],"author":[{"embeddable":true,"href":"https:\/\/www.innopreven.com\/es\/wp-json\/wp\/v2\/users\/1"}],"replies":[{"embeddable":true,"href":"https:\/\/www.innopreven.com\/es\/wp-json\/wp\/v2\/comments?post=2196"}],"version-history":[{"count":5,"href":"https:\/\/www.innopreven.com\/es\/wp-json\/wp\/v2\/pages\/2196\/revisions"}],"predecessor-version":[{"id":2306,"href":"https:\/\/www.innopreven.com\/es\/wp-json\/wp\/v2\/pages\/2196\/revisions\/2306"}],"wp:attachment":[{"href":"https:\/\/www.innopreven.com\/es\/wp-json\/wp\/v2\/media?parent=2196"}],"curies":[{"name":"wp","href":"https:\/\/api.w.org\/{rel}","templated":true}]}}